{"id":71,"date":"2021-08-19T18:09:36","date_gmt":"2021-08-19T16:09:36","guid":{"rendered":"http:\/\/ets-solbreux.be\/?page_id=71"},"modified":"2021-08-19T18:23:40","modified_gmt":"2021-08-19T16:23:40","slug":"amenagement-interieur","status":"publish","type":"page","link":"https:\/\/www.ets-solbreux.be\/index.php\/amenagement-interieur\/","title":{"rendered":"Am\u00e9nagement int\u00e9rieur"},"content":{"rendered":"\t\t<div data-elementor-type=\"wp-page\" data-elementor-id=\"71\" class=\"elementor elementor-71\" data-elementor-settings=\"[]\">\n\t\t\t\t\t\t<div class=\"elementor-inner\">\n\t\t\t\t\t\t\t<div class=\"elementor-section-wrap\">\n\t\t\t\t\t\t\t<section class=\"elementor-section elementor-top-section elementor-element elementor-element-0d8b757 elementor-section-boxed elementor-section-height-default elementor-section-height-default\" data-id=\"0d8b757\" data-element_type=\"section\">\n\t\t\t\t\t\t<div class=\"elementor-container elementor-column-gap-default\">\n\t\t\t\t\t\t\t<div class=\"elementor-row\">\n\t\t\t\t\t<div class=\"elementor-column elementor-col-100 elementor-top-column elementor-element elementor-element-e1709cf\" data-id=\"e1709cf\" data-element_type=\"column\">\n\t\t\t<div class=\"elementor-column-wrap elementor-element-populated\">\n\t\t\t\t\t\t\t<div class=\"elementor-widget-wrap\">\n\t\t\t\t\t\t<div class=\"elementor-element elementor-element-2778299 elementor-widget elementor-widget-text-editor\" data-id=\"2778299\" data-element_type=\"widget\" data-widget_type=\"text-editor.default\">\n\t\t\t\t<div class=\"elementor-widget-container\">\n\t\t\t\t\t\t\t\t<div class=\"elementor-text-editor elementor-clearfix\">\n\t\t\t\t<h4 style=\"text-align: center;\">Nous intervenons pour des travaux d&rsquo;am\u00e9nagement int\u00e9rieur comme la r\u00e9alisation d&rsquo;une salle de bain (de \u00ab\u00a0A \u00e0 Z\u00a0\u00bb) mais aussi le placement de carrelages (nouvelle installation ou r\u00e9novation) . Vous pouvez visualiser plusieurs r\u00e9alisations effectu\u00e9es par nos soins.<br \/>N&rsquo;h\u00e9sitez pas \u00e0\u00a0<span style=\"text-decoration: underline;\"><strong><a href=\"https:\/\/www.ets-solbreux.be\/index.php\/contact\/\">nous contacter<\/a><\/strong><\/span> pour vos travaux d&rsquo;am\u00e9nagement int\u00e9rieur.<\/h4>\t\t\t\t\t<\/div>\n\t\t\t\t\t\t<\/div>\n\t\t\t\t<\/div>\n\t\t\t\t<div class=\"elementor-element elementor-element-5bea4d3 elementor-widget-divider--view-line elementor-widget elementor-widget-divider\" data-id=\"5bea4d3\" data-element_type=\"widget\" data-widget_type=\"divider.default\">\n\t\t\t\t<div class=\"elementor-widget-container\">\n\t\t\t\t\t<div class=\"elementor-divider\">\n\t\t\t<span class=\"elementor-divider-separator\">\n\t\t\t\t\t\t<\/span>\n\t\t<\/div>\n\t\t\t\t<\/div>\n\t\t\t\t<\/div>\n\t\t\t\t\t\t<\/div>\n\t\t\t\t\t<\/div>\n\t\t<\/div>\n\t\t\t\t\t\t\t\t<\/div>\n\t\t\t\t\t<\/div>\n\t\t<\/section>\n\t\t\t\t<section class=\"elementor-section elementor-top-section elementor-element elementor-element-f85e45a elementor-section-boxed elementor-section-height-default elementor-section-height-default\" data-id=\"f85e45a\" data-element_type=\"section\">\n\t\t\t\t\t\t<div class=\"elementor-container elementor-column-gap-default\">\n\t\t\t\t\t\t\t<div class=\"elementor-row\">\n\t\t\t\t\t<div class=\"elementor-column elementor-col-100 elementor-top-column elementor-element elementor-element-a5382b1\" data-id=\"a5382b1\" data-element_type=\"column\">\n\t\t\t<div class=\"elementor-column-wrap elementor-element-populated\">\n\t\t\t\t\t\t\t<div class=\"elementor-widget-wrap\">\n\t\t\t\t\t\t<div class=\"elementor-element elementor-element-0e0d6ea elementor-widget elementor-widget-text-editor\" data-id=\"0e0d6ea\" data-element_type=\"widget\" data-widget_type=\"text-editor.default\">\n\t\t\t\t<div class=\"elementor-widget-container\">\n\t\t\t\t\t\t\t\t<div class=\"elementor-text-editor elementor-clearfix\">\n\t\t\t\t<h1 style=\"text-align: center;\">R\u00e9novation d&rsquo;une douche, cr\u00e9ation d&rsquo;une toilette et pose d&rsquo;un carrelage 60&#215;120<\/h1>\n<h1 style=\"text-align: center;\"><!-- default-view.php -->\n<div\n\tclass=\"ngg-galleryoverview default-view \"\n\tid=\"ngg-gallery-b5d77d6ba36ce3795bc3b690d8264db7-1\">\n\n\t\t<!-- Thumbnails -->\n\t\t\t\t<div id=\"ngg-image-0\" class=\"ngg-gallery-thumbnail-box \" >\n\t\t\t\t        <div class=\"ngg-gallery-thumbnail\">\n            <a href=\"https:\/\/www.ets-solbreux.be\/wp-content\/gallery\/renovation-salle-de-bain\/20210628_085039.jpg\"\n               title=\"\"\n               data-src=\"https:\/\/www.ets-solbreux.be\/wp-content\/gallery\/renovation-salle-de-bain\/20210628_085039.jpg\"\n               data-thumbnail=\"https:\/\/www.ets-solbreux.be\/wp-content\/gallery\/renovation-salle-de-bain\/thumbs\/thumbs_20210628_085039.jpg\"\n               data-image-id=\"66\"\n               data-title=\"20210628_085039\"\n               data-description=\"\"\n               data-image-slug=\"20210628_085039-2\"\n               class=\"ngg-simplelightbox\" rel=\"b5d77d6ba36ce3795bc3b690d8264db7\">\n                <img loading=\"lazy\"\n                    title=\"20210628_085039\"\n                    alt=\"20210628_085039\"\n                    src=\"https:\/\/www.ets-solbreux.be\/wp-content\/gallery\/renovation-salle-de-bain\/thumbs\/thumbs_20210628_085039.jpg\"\n                    width=\"240\"\n                    height=\"160\"\n                    style=\"max-width:100%;\"\n                \/>\n            <\/a>\n        <\/div>\n\t\t\t\t\t\t\t<\/div> \n\t\t\t\n\t\t\t\t<div id=\"ngg-image-1\" class=\"ngg-gallery-thumbnail-box \" >\n\t\t\t\t        <div class=\"ngg-gallery-thumbnail\">\n            <a href=\"https:\/\/www.ets-solbreux.be\/wp-content\/gallery\/renovation-salle-de-bain\/20210701_165320.jpg\"\n               title=\"\"\n               data-src=\"https:\/\/www.ets-solbreux.be\/wp-content\/gallery\/renovation-salle-de-bain\/20210701_165320.jpg\"\n               data-thumbnail=\"https:\/\/www.ets-solbreux.be\/wp-content\/gallery\/renovation-salle-de-bain\/thumbs\/thumbs_20210701_165320.jpg\"\n               data-image-id=\"63\"\n               data-title=\"20210701_165320\"\n               data-description=\"\"\n               data-image-slug=\"20210701_165320-2\"\n               class=\"ngg-simplelightbox\" rel=\"b5d77d6ba36ce3795bc3b690d8264db7\">\n                <img loading=\"lazy\"\n                    title=\"20210701_165320\"\n                    alt=\"20210701_165320\"\n                    src=\"https:\/\/www.ets-solbreux.be\/wp-content\/gallery\/renovation-salle-de-bain\/thumbs\/thumbs_20210701_165320.jpg\"\n                    width=\"240\"\n                    height=\"160\"\n                    style=\"max-width:100%;\"\n                \/>\n            <\/a>\n        <\/div>\n\t\t\t\t\t\t\t<\/div> \n\t\t\t\n\t\t\t\t<div id=\"ngg-image-2\" class=\"ngg-gallery-thumbnail-box \" >\n\t\t\t\t        <div class=\"ngg-gallery-thumbnail\">\n            <a href=\"https:\/\/www.ets-solbreux.be\/wp-content\/gallery\/renovation-salle-de-bain\/20210706_114826.jpg\"\n               title=\"\"\n               data-src=\"https:\/\/www.ets-solbreux.be\/wp-content\/gallery\/renovation-salle-de-bain\/20210706_114826.jpg\"\n               data-thumbnail=\"https:\/\/www.ets-solbreux.be\/wp-content\/gallery\/renovation-salle-de-bain\/thumbs\/thumbs_20210706_114826.jpg\"\n               data-image-id=\"64\"\n               data-title=\"20210706_114826\"\n               data-description=\"\"\n               data-image-slug=\"20210706_114826-2\"\n               class=\"ngg-simplelightbox\" rel=\"b5d77d6ba36ce3795bc3b690d8264db7\">\n                <img loading=\"lazy\"\n                    title=\"20210706_114826\"\n                    alt=\"20210706_114826\"\n                    src=\"https:\/\/www.ets-solbreux.be\/wp-content\/gallery\/renovation-salle-de-bain\/thumbs\/thumbs_20210706_114826.jpg\"\n                    width=\"240\"\n                    height=\"160\"\n                    style=\"max-width:100%;\"\n                \/>\n            <\/a>\n        <\/div>\n\t\t\t\t\t\t\t<\/div> \n\t\t\t\n\t\t\t\t<div id=\"ngg-image-3\" class=\"ngg-gallery-thumbnail-box \" >\n\t\t\t\t        <div class=\"ngg-gallery-thumbnail\">\n            <a href=\"https:\/\/www.ets-solbreux.be\/wp-content\/gallery\/renovation-salle-de-bain\/20210706_114834.jpg\"\n               title=\"\"\n               data-src=\"https:\/\/www.ets-solbreux.be\/wp-content\/gallery\/renovation-salle-de-bain\/20210706_114834.jpg\"\n               data-thumbnail=\"https:\/\/www.ets-solbreux.be\/wp-content\/gallery\/renovation-salle-de-bain\/thumbs\/thumbs_20210706_114834.jpg\"\n               data-image-id=\"65\"\n               data-title=\"20210706_114834\"\n               data-description=\"\"\n               data-image-slug=\"20210706_114834-2\"\n               class=\"ngg-simplelightbox\" rel=\"b5d77d6ba36ce3795bc3b690d8264db7\">\n                <img loading=\"lazy\"\n                    title=\"20210706_114834\"\n                    alt=\"20210706_114834\"\n                    src=\"https:\/\/www.ets-solbreux.be\/wp-content\/gallery\/renovation-salle-de-bain\/thumbs\/thumbs_20210706_114834.jpg\"\n                    width=\"240\"\n                    height=\"160\"\n                    style=\"max-width:100%;\"\n                \/>\n            <\/a>\n        <\/div>\n\t\t\t\t\t\t\t<\/div> \n\t\t\t\n\t\n\t<br style=\"clear: both\" \/>\n\n\t\n\t\t<!-- Pagination -->\n\t<div class='ngg-clear'><\/div>\t<\/div>\n<\/h1>\n<div>\u00a0<\/div>\t\t\t\t\t<\/div>\n\t\t\t\t\t\t<\/div>\n\t\t\t\t<\/div>\n\t\t\t\t\t\t<\/div>\n\t\t\t\t\t<\/div>\n\t\t<\/div>\n\t\t\t\t\t\t\t\t<\/div>\n\t\t\t\t\t<\/div>\n\t\t<\/section>\n\t\t\t\t<section class=\"elementor-section elementor-top-section elementor-element elementor-element-120cb8e elementor-section-boxed elementor-section-height-default elementor-section-height-default\" data-id=\"120cb8e\" data-element_type=\"section\">\n\t\t\t\t\t\t<div class=\"elementor-container elementor-column-gap-default\">\n\t\t\t\t\t\t\t<div class=\"elementor-row\">\n\t\t\t\t\t<div class=\"elementor-column elementor-col-100 elementor-top-column elementor-element elementor-element-9f01061\" data-id=\"9f01061\" data-element_type=\"column\">\n\t\t\t<div class=\"elementor-column-wrap elementor-element-populated\">\n\t\t\t\t\t\t\t<div class=\"elementor-widget-wrap\">\n\t\t\t\t\t\t<div class=\"elementor-element elementor-element-6335f1d elementor-widget elementor-widget-text-editor\" data-id=\"6335f1d\" data-element_type=\"widget\" data-widget_type=\"text-editor.default\">\n\t\t\t\t<div class=\"elementor-widget-container\">\n\t\t\t\t\t\t\t\t<div class=\"elementor-text-editor elementor-clearfix\">\n\t\t\t\t<h1 style=\"text-align: center;\">D\u00e9montage d&rsquo;un ancien carrelage et pose d&rsquo;un carrelage imitation parquet (2 formats : 25&#215;100 et 16&#215;100) et r\u00e9alisation d&rsquo;un emplacement pour paillasson<br \/><!-- default-view.php -->\n<div\n\tclass=\"ngg-galleryoverview default-view \"\n\tid=\"ngg-gallery-0946dca18918d96dfa5731ef7d6498e2-1\">\n\n\t\t<!-- Thumbnails -->\n\t\t\t\t<div id=\"ngg-image-0\" class=\"ngg-gallery-thumbnail-box \" >\n\t\t\t\t        <div class=\"ngg-gallery-thumbnail\">\n            <a href=\"https:\/\/www.ets-solbreux.be\/wp-content\/gallery\/renovation-carrelage-imitation-parquet\/20191118_170355-min.jpg\"\n               title=\"\"\n               data-src=\"https:\/\/www.ets-solbreux.be\/wp-content\/gallery\/renovation-carrelage-imitation-parquet\/20191118_170355-min.jpg\"\n               data-thumbnail=\"https:\/\/www.ets-solbreux.be\/wp-content\/gallery\/renovation-carrelage-imitation-parquet\/thumbs\/thumbs_20191118_170355-min.jpg\"\n               data-image-id=\"56\"\n               data-title=\"20191118_170355-min\"\n               data-description=\"\"\n               data-image-slug=\"20191118_170355-min\"\n               class=\"ngg-simplelightbox\" rel=\"0946dca18918d96dfa5731ef7d6498e2\">\n                <img loading=\"lazy\"\n                    title=\"20191118_170355-min\"\n                    alt=\"20191118_170355-min\"\n                    src=\"https:\/\/www.ets-solbreux.be\/wp-content\/gallery\/renovation-carrelage-imitation-parquet\/thumbs\/thumbs_20191118_170355-min.jpg\"\n                    width=\"240\"\n                    height=\"160\"\n                    style=\"max-width:100%;\"\n                \/>\n            <\/a>\n        <\/div>\n\t\t\t\t\t\t\t<\/div> \n\t\t\t\n\t\t\t\t<div id=\"ngg-image-1\" class=\"ngg-gallery-thumbnail-box \" >\n\t\t\t\t        <div class=\"ngg-gallery-thumbnail\">\n            <a href=\"https:\/\/www.ets-solbreux.be\/wp-content\/gallery\/renovation-carrelage-imitation-parquet\/DSC_0091-min.JPG\"\n               title=\"\"\n               data-src=\"https:\/\/www.ets-solbreux.be\/wp-content\/gallery\/renovation-carrelage-imitation-parquet\/DSC_0091-min.JPG\"\n               data-thumbnail=\"https:\/\/www.ets-solbreux.be\/wp-content\/gallery\/renovation-carrelage-imitation-parquet\/thumbs\/thumbs_DSC_0091-min.JPG\"\n               data-image-id=\"53\"\n               data-title=\"DSC_0091-min\"\n               data-description=\"\"\n               data-image-slug=\"dsc_0091-min\"\n               class=\"ngg-simplelightbox\" rel=\"0946dca18918d96dfa5731ef7d6498e2\">\n                <img loading=\"lazy\"\n                    title=\"DSC_0091-min\"\n                    alt=\"DSC_0091-min\"\n                    src=\"https:\/\/www.ets-solbreux.be\/wp-content\/gallery\/renovation-carrelage-imitation-parquet\/thumbs\/thumbs_DSC_0091-min.JPG\"\n                    width=\"240\"\n                    height=\"160\"\n                    style=\"max-width:100%;\"\n                \/>\n            <\/a>\n        <\/div>\n\t\t\t\t\t\t\t<\/div> \n\t\t\t\n\t\t\t\t<div id=\"ngg-image-2\" class=\"ngg-gallery-thumbnail-box \" >\n\t\t\t\t        <div class=\"ngg-gallery-thumbnail\">\n            <a href=\"https:\/\/www.ets-solbreux.be\/wp-content\/gallery\/renovation-carrelage-imitation-parquet\/DSC_0115-min.JPG\"\n               title=\"\"\n               data-src=\"https:\/\/www.ets-solbreux.be\/wp-content\/gallery\/renovation-carrelage-imitation-parquet\/DSC_0115-min.JPG\"\n               data-thumbnail=\"https:\/\/www.ets-solbreux.be\/wp-content\/gallery\/renovation-carrelage-imitation-parquet\/thumbs\/thumbs_DSC_0115-min.JPG\"\n               data-image-id=\"55\"\n               data-title=\"DSC_0115-min\"\n               data-description=\"\"\n               data-image-slug=\"dsc_0115-min\"\n               class=\"ngg-simplelightbox\" rel=\"0946dca18918d96dfa5731ef7d6498e2\">\n                <img loading=\"lazy\"\n                    title=\"DSC_0115-min\"\n                    alt=\"DSC_0115-min\"\n                    src=\"https:\/\/www.ets-solbreux.be\/wp-content\/gallery\/renovation-carrelage-imitation-parquet\/thumbs\/thumbs_DSC_0115-min.JPG\"\n                    width=\"240\"\n                    height=\"160\"\n                    style=\"max-width:100%;\"\n                \/>\n            <\/a>\n        <\/div>\n\t\t\t\t\t\t\t<\/div> \n\t\t\t\n\t\t\t\t<div id=\"ngg-image-3\" class=\"ngg-gallery-thumbnail-box \" >\n\t\t\t\t        <div class=\"ngg-gallery-thumbnail\">\n            <a href=\"https:\/\/www.ets-solbreux.be\/wp-content\/gallery\/renovation-carrelage-imitation-parquet\/DSC_0112-min.JPG\"\n               title=\"\"\n               data-src=\"https:\/\/www.ets-solbreux.be\/wp-content\/gallery\/renovation-carrelage-imitation-parquet\/DSC_0112-min.JPG\"\n               data-thumbnail=\"https:\/\/www.ets-solbreux.be\/wp-content\/gallery\/renovation-carrelage-imitation-parquet\/thumbs\/thumbs_DSC_0112-min.JPG\"\n               data-image-id=\"54\"\n               data-title=\"DSC_0112-min\"\n               data-description=\"\"\n               data-image-slug=\"dsc_0112-min\"\n               class=\"ngg-simplelightbox\" rel=\"0946dca18918d96dfa5731ef7d6498e2\">\n                <img loading=\"lazy\"\n                    title=\"DSC_0112-min\"\n                    alt=\"DSC_0112-min\"\n                    src=\"https:\/\/www.ets-solbreux.be\/wp-content\/gallery\/renovation-carrelage-imitation-parquet\/thumbs\/thumbs_DSC_0112-min.JPG\"\n                    width=\"240\"\n                    height=\"160\"\n                    style=\"max-width:100%;\"\n                \/>\n            <\/a>\n        <\/div>\n\t\t\t\t\t\t\t<\/div> \n\t\t\t\n\t\n\t<br style=\"clear: both\" \/>\n\n\t\n\t\t<!-- Pagination -->\n\t<div class='ngg-clear'><\/div>\t<\/div>\n<\/h1>\t\t\t\t\t<\/div>\n\t\t\t\t\t\t<\/div>\n\t\t\t\t<\/div>\n\t\t\t\t\t\t<\/div>\n\t\t\t\t\t<\/div>\n\t\t<\/div>\n\t\t\t\t\t\t\t\t<\/div>\n\t\t\t\t\t<\/div>\n\t\t<\/section>\n\t\t\t\t<section class=\"elementor-section elementor-top-section elementor-element elementor-element-2b51371 elementor-section-boxed elementor-section-height-default elementor-section-height-default\" data-id=\"2b51371\" data-element_type=\"section\">\n\t\t\t\t\t\t<div class=\"elementor-container elementor-column-gap-default\">\n\t\t\t\t\t\t\t<div class=\"elementor-row\">\n\t\t\t\t\t<div class=\"elementor-column elementor-col-100 elementor-top-column elementor-element elementor-element-8c3a1e8\" data-id=\"8c3a1e8\" data-element_type=\"column\">\n\t\t\t<div class=\"elementor-column-wrap elementor-element-populated\">\n\t\t\t\t\t\t\t<div class=\"elementor-widget-wrap\">\n\t\t\t\t\t\t<div class=\"elementor-element elementor-element-1759e36 elementor-widget elementor-widget-text-editor\" data-id=\"1759e36\" data-element_type=\"widget\" data-widget_type=\"text-editor.default\">\n\t\t\t\t<div class=\"elementor-widget-container\">\n\t\t\t\t\t\t\t\t<div class=\"elementor-text-editor elementor-clearfix\">\n\t\t\t\t<h1 style=\"text-align: center;\">Isolation sol (8 cm PU), chape et carrelage imitation parquet (120&#215;20 cm) d&rsquo;une v\u00e9randa<br \/><!-- default-view.php -->\n<div\n\tclass=\"ngg-galleryoverview default-view \"\n\tid=\"ngg-gallery-5520a3f03e24be5c9e7422129b848f7d-1\">\n\n\t\t<!-- Thumbnails -->\n\t\t\t\t<div id=\"ngg-image-0\" class=\"ngg-gallery-thumbnail-box \" >\n\t\t\t\t        <div class=\"ngg-gallery-thumbnail\">\n            <a href=\"https:\/\/www.ets-solbreux.be\/wp-content\/gallery\/veranda-isolation-chape-carrelage\/20200716_074009.jpg\"\n               title=\"\"\n               data-src=\"https:\/\/www.ets-solbreux.be\/wp-content\/gallery\/veranda-isolation-chape-carrelage\/20200716_074009.jpg\"\n               data-thumbnail=\"https:\/\/www.ets-solbreux.be\/wp-content\/gallery\/veranda-isolation-chape-carrelage\/thumbs\/thumbs_20200716_074009.jpg\"\n               data-image-id=\"14\"\n               data-title=\"20200716_074009\"\n               data-description=\"\"\n               data-image-slug=\"20200716_074009\"\n               class=\"ngg-simplelightbox\" rel=\"5520a3f03e24be5c9e7422129b848f7d\">\n                <img loading=\"lazy\"\n                    title=\"20200716_074009\"\n                    alt=\"20200716_074009\"\n                    src=\"https:\/\/www.ets-solbreux.be\/wp-content\/gallery\/veranda-isolation-chape-carrelage\/thumbs\/thumbs_20200716_074009.jpg\"\n                    width=\"240\"\n                    height=\"160\"\n                    style=\"max-width:100%;\"\n                \/>\n            <\/a>\n        <\/div>\n\t\t\t\t\t\t\t<\/div> \n\t\t\t\n\t\t\t\t<div id=\"ngg-image-1\" class=\"ngg-gallery-thumbnail-box \" >\n\t\t\t\t        <div class=\"ngg-gallery-thumbnail\">\n            <a href=\"https:\/\/www.ets-solbreux.be\/wp-content\/gallery\/veranda-isolation-chape-carrelage\/20200716_094518.jpg\"\n               title=\"\"\n               data-src=\"https:\/\/www.ets-solbreux.be\/wp-content\/gallery\/veranda-isolation-chape-carrelage\/20200716_094518.jpg\"\n               data-thumbnail=\"https:\/\/www.ets-solbreux.be\/wp-content\/gallery\/veranda-isolation-chape-carrelage\/thumbs\/thumbs_20200716_094518.jpg\"\n               data-image-id=\"15\"\n               data-title=\"20200716_094518\"\n               data-description=\"\"\n               data-image-slug=\"20200716_094518\"\n               class=\"ngg-simplelightbox\" rel=\"5520a3f03e24be5c9e7422129b848f7d\">\n                <img loading=\"lazy\"\n                    title=\"20200716_094518\"\n                    alt=\"20200716_094518\"\n                    src=\"https:\/\/www.ets-solbreux.be\/wp-content\/gallery\/veranda-isolation-chape-carrelage\/thumbs\/thumbs_20200716_094518.jpg\"\n                    width=\"240\"\n                    height=\"160\"\n                    style=\"max-width:100%;\"\n                \/>\n            <\/a>\n        <\/div>\n\t\t\t\t\t\t\t<\/div> \n\t\t\t\n\t\t\t\t<div id=\"ngg-image-2\" class=\"ngg-gallery-thumbnail-box \" >\n\t\t\t\t        <div class=\"ngg-gallery-thumbnail\">\n            <a href=\"https:\/\/www.ets-solbreux.be\/wp-content\/gallery\/veranda-isolation-chape-carrelage\/20200820_115056.jpg\"\n               title=\"\"\n               data-src=\"https:\/\/www.ets-solbreux.be\/wp-content\/gallery\/veranda-isolation-chape-carrelage\/20200820_115056.jpg\"\n               data-thumbnail=\"https:\/\/www.ets-solbreux.be\/wp-content\/gallery\/veranda-isolation-chape-carrelage\/thumbs\/thumbs_20200820_115056.jpg\"\n               data-image-id=\"31\"\n               data-title=\"20200820_115056\"\n               data-description=\"\"\n               data-image-slug=\"20200820_115056\"\n               class=\"ngg-simplelightbox\" rel=\"5520a3f03e24be5c9e7422129b848f7d\">\n                <img loading=\"lazy\"\n                    title=\"20200820_115056\"\n                    alt=\"20200820_115056\"\n                    src=\"https:\/\/www.ets-solbreux.be\/wp-content\/gallery\/veranda-isolation-chape-carrelage\/thumbs\/thumbs_20200820_115056.jpg\"\n                    width=\"240\"\n                    height=\"160\"\n                    style=\"max-width:100%;\"\n                \/>\n            <\/a>\n        <\/div>\n\t\t\t\t\t\t\t<\/div> \n\t\t\t\n\t\n\t<br style=\"clear: both\" \/>\n\n\t\n\t\t<!-- Pagination -->\n\t<div class='ngg-clear'><\/div>\t<\/div>\n<\/h1>\t\t\t\t\t<\/div>\n\t\t\t\t\t\t<\/div>\n\t\t\t\t<\/div>\n\t\t\t\t\t\t<\/div>\n\t\t\t\t\t<\/div>\n\t\t<\/div>\n\t\t\t\t\t\t\t\t<\/div>\n\t\t\t\t\t<\/div>\n\t\t<\/section>\n\t\t\t\t\t\t<\/div>\n\t\t\t\t\t\t<\/div>\n\t\t\t\t\t<\/div>\n\t\t","protected":false},"excerpt":{"rendered":"<p>Nous intervenons pour des travaux d&rsquo;am\u00e9nagement int\u00e9rieur comme la r\u00e9alisation d&rsquo;une salle de bain (de \u00ab\u00a0A \u00e0 Z\u00a0\u00bb) mais aussi le placement de carrelages (nouvelle installation ou r\u00e9novation) . Vous pouvez visualiser plusieurs r\u00e9alisations effectu\u00e9es par nos soins.N&rsquo;h\u00e9sitez pas \u00e0\u00a0nous contacter pour vos travaux d&rsquo;am\u00e9nagement int\u00e9rieur. R\u00e9novation d&rsquo;une douche, cr\u00e9ation d&rsquo;une toilette et pose d&rsquo;un [&hellip;]<\/p>\n","protected":false},"author":1,"featured_media":0,"parent":0,"menu_order":0,"comment_status":"closed","ping_status":"closed","template":"","meta":{"ngg_post_thumbnail":0},"_links":{"self":[{"href":"https:\/\/www.ets-solbreux.be\/index.php\/wp-json\/wp\/v2\/pages\/71"}],"collection":[{"href":"https:\/\/www.ets-solbreux.be\/index.php\/wp-json\/wp\/v2\/pages"}],"about":[{"href":"https:\/\/www.ets-solbreux.be\/index.php\/wp-json\/wp\/v2\/types\/page"}],"author":[{"embeddable":true,"href":"https:\/\/www.ets-solbreux.be\/index.php\/wp-json\/wp\/v2\/users\/1"}],"replies":[{"embeddable":true,"href":"https:\/\/www.ets-solbreux.be\/index.php\/wp-json\/wp\/v2\/comments?post=71"}],"version-history":[{"count":42,"href":"https:\/\/www.ets-solbreux.be\/index.php\/wp-json\/wp\/v2\/pages\/71\/revisions"}],"predecessor-version":[{"id":353,"href":"https:\/\/www.ets-solbreux.be\/index.php\/wp-json\/wp\/v2\/pages\/71\/revisions\/353"}],"wp:attachment":[{"href":"https:\/\/www.ets-solbreux.be\/index.php\/wp-json\/wp\/v2\/media?parent=71"}],"curies":[{"name":"wp","href":"https:\/\/api.w.org\/{rel}","templated":true}]}}